{"id":1358,"date":"2023-09-20T12:56:03","date_gmt":"2023-09-20T10:56:03","guid":{"rendered":"https:\/\/anacas.es\/home\/"},"modified":"2023-12-05T12:18:09","modified_gmt":"2023-12-05T11:18:09","slug":"home","status":"publish","type":"page","link":"https:\/\/anacas.es\/en\/","title":{"rendered":"Home"},"content":{"rendered":"\n<div class=\"is-style-default wp-swiper\"><div class=\"wp-swiper__wrapper\"><div class=\"swiper-container swiper\" data-swiperconfig=\"{&quot;data-slidesperview&quot;:1,&quot;data-navigation&quot;:false,&quot;data-pagination&quot;:false,&quot;data-autoplay&quot;:true,&quot;data-delay&quot;:5000,&quot;data-speed&quot;:500,&quot;data-loop&quot;:true,&quot;data-effect&quot;:&quot;fade&quot;,&quot;data-direction&quot;:&quot;horizontal&quot;,&quot;data-freemode&quot;:false,&quot;data-autoheight&quot;:false,&quot;data-spacebetween&quot;:0,&quot;data-mousewheel&quot;:false,&quot;data-releaseonedges&quot;:false,&quot;data-paginationtype&quot;:&quot;bullets&quot;,&quot;data-clickablepagination&quot;:&quot;&quot;}\" data-slidesperview=\"1\" data-navigation=\"false\" data-pagination=\"false\" data-autoplay=\"true\" data-delay=\"5000\" data-speed=\"500\" data-loop=\"true\" data-effect=\"fade\" data-direction=\"horizontal\" data-freemode=\"false\" data-autoheight=\"false\" data-spacebetween=\"0\" data-mousewheel=\"false\" data-releaseonedges=\"false\" data-paginationtype=\"bullets\" data-clickablepagination=\"\"><div class=\"swiper-wrapper\">\n<div class=\"wp-swiper__slide swiper-slide\" data-tab=\"slide-1\" style=\"background-image:url(https:\/\/anacas.es\/wp-content\/uploads\/2023\/09\/TipoImagen-1-1.png);background-size:cover;background-position:50% 50%\"><div class=\"wp-swiper__overlay-color\" style=\"background-color:rgba(0, 0, 0, 0)\"><\/div><div class=\"wp-swiper__slide-content\"><\/div><\/div>\n\n\n\n<div class=\"wp-swiper__slide swiper-slide\" data-tab=\"slide-2\" style=\"background-image:url(https:\/\/anacas.es\/wp-content\/uploads\/2023\/09\/TipoImagen-2.png);background-size:cover;background-position:50% 50%\"><div class=\"wp-swiper__overlay-color\" style=\"background-color:rgba(0, 0, 0, 0)\"><\/div><div class=\"wp-swiper__slide-content\"><\/div><\/div>\n\n\n\n<div class=\"wp-swiper__slide swiper-slide\" data-tab=\"slide-3\" style=\"background-image:url(https:\/\/anacas.es\/wp-content\/uploads\/2023\/09\/TipoImagen-3.png);background-size:cover;background-position:50% 50%\"><div class=\"wp-swiper__overlay-color\" style=\"background-color:rgba(0, 0, 0, 0)\"><\/div><div class=\"wp-swiper__slide-content\"><\/div><\/div>\n\n\n\n<div class=\"wp-swiper__slide swiper-slide\" data-tab=\"slide-4\" style=\"background-image:url(https:\/\/anacas.es\/wp-content\/uploads\/2023\/09\/TipoImagen-4.png);background-size:cover;background-position:49% 53%\"><div class=\"wp-swiper__overlay-color\" style=\"background-color:rgba(0, 0, 0, 0)\"><\/div><div class=\"wp-swiper__slide-content\"><\/div><\/div>\n<\/div><\/div><\/div><\/div>\n\n\n\r\n<div  class=\"content margin-top-lg mb-xl pt-md pb-md\" >\r\n\r\n\t\t\t\t\t\t<div class=\"container max-width-xl\">\r\n\t\t\r\n\t\t\n<div class=\"grid gap-md gap-col-md gap-row-md\">\r\n\t\n<div class=\"col-none col-12 col-2@sm col-2@lg\">\r\n\t\t\t<\/div>\n\n<div class=\"col-none col-12 col-8@sm col-8@lg\">\r\n\t\t\n<h1 class=\"wp-block-heading has-text-align-center has-text-t1 color-gray has-3-d-3-d-3-c-color has-text-color  pb-md\">ANA CAS, WEDDING PHOTOGRAPHER IN MURCIA, SPAIN\u00a0<\/h1>\n\n\n\n<p class=\"has-text-align-center color-gray has-3-d-3-d-3-c-color has-text-color  pb-md\">Hi there! I would like to welcome you and thank you for stopping by. I hope you enjoy visiting this place that I have created with so much love.&nbsp;<br><br>Here you will find a little bit of me, of my way of working. I want to continue meeting people who appreciate the value of a memory, it would be a pleasure for you to be part of this too.&nbsp;<\/p>\n\n\n<h2 class=\"wp-block-heading has-text-align-center has-text-t2 color-gray has-3-d-3-d-3-c-color has-text-color\">I&#8217;LL PLACE YOU THERE\u00a0<\/h2>\n\n\t<\/div>\n\n<div class=\"col-none col-12 col-2@sm col-2@lg\">\r\n\t\t\t<\/div>\n<\/div>\n\n\r\n\r\n<div class=\"container\">\r\n\t<div class=\"grid gap-md mb-xl mt-xl\">\r\n\t\t\t\t\t\t        \r\n\t\t\t<div class=\"col-12 col-4@md col-4@lg proyectos\">\r\n                <a class=\"no-color\" href=\"https:\/\/anacas.es\/en\/proyecto\/couple\/\" title=\"Ir al contenido\">\r\n                <div class=\"proyectos__image\">\r\n                    <img loading=\"lazy\" decoding=\"async\" width=\"1707\" height=\"2560\" src=\"https:\/\/anacas.es\/wp-content\/uploads\/2023\/11\/NR-85-scaled.jpg\" class=\"attachment-post-thumbnail size-post-thumbnail wp-post-image\" alt=\"\" srcset=\"https:\/\/anacas.es\/wp-content\/uploads\/2023\/11\/NR-85-scaled.jpg 1707w, https:\/\/anacas.es\/wp-content\/uploads\/2023\/11\/NR-85-200x300.jpg 200w, https:\/\/anacas.es\/wp-content\/uploads\/2023\/11\/NR-85-683x1024.jpg 683w, https:\/\/anacas.es\/wp-content\/uploads\/2023\/11\/NR-85-768x1152.jpg 768w, https:\/\/anacas.es\/wp-content\/uploads\/2023\/11\/NR-85-1024x1536.jpg 1024w, https:\/\/anacas.es\/wp-content\/uploads\/2023\/11\/NR-85-1365x2048.jpg 1365w\" sizes=\"auto, (max-width: 1707px) 100vw, 1707px\" \/>                <\/div>\r\n                <div class=\"proyectos__content\">\r\n                    <div class=\"proyectos__titulo\">\t\r\n                        Couple                    <\/div>\r\n                <\/div>\r\n                <\/a>\r\n            <\/div>\r\n        \t\t\t\t\t\r\n\t\t\t\t        \r\n\t\t\t<div class=\"col-12 col-4@md col-4@lg proyectos\">\r\n                <a class=\"no-color\" href=\"https:\/\/anacas.es\/en\/proyecto\/weddings\/\" title=\"Ir al contenido\">\r\n                <div class=\"proyectos__image\">\r\n                    <img loading=\"lazy\" decoding=\"async\" width=\"1000\" height=\"1500\" src=\"https:\/\/anacas.es\/wp-content\/uploads\/2025\/09\/Boda_Susana_y_Salva-501.jpg\" class=\"attachment-post-thumbnail size-post-thumbnail wp-post-image\" alt=\"\" srcset=\"https:\/\/anacas.es\/wp-content\/uploads\/2025\/09\/Boda_Susana_y_Salva-501.jpg 1000w, https:\/\/anacas.es\/wp-content\/uploads\/2025\/09\/Boda_Susana_y_Salva-501-200x300.jpg 200w, https:\/\/anacas.es\/wp-content\/uploads\/2025\/09\/Boda_Susana_y_Salva-501-683x1024.jpg 683w, https:\/\/anacas.es\/wp-content\/uploads\/2025\/09\/Boda_Susana_y_Salva-501-768x1152.jpg 768w\" sizes=\"auto, (max-width: 1000px) 100vw, 1000px\" \/>                <\/div>\r\n                <div class=\"proyectos__content\">\r\n                    <div class=\"proyectos__titulo\">\t\r\n                        Wedding                    <\/div>\r\n                <\/div>\r\n                <\/a>\r\n            <\/div>\r\n        \t\t\t\t\t\r\n\t\t\t\t        \r\n\t\t\t<div class=\"col-12 col-4@md col-4@lg proyectos\">\r\n                <a class=\"no-color\" href=\"https:\/\/anacas.es\/en\/proyecto\/maternity\/\" title=\"Ir al contenido\">\r\n                <div class=\"proyectos__image\">\r\n                    <img loading=\"lazy\" decoding=\"async\" width=\"1707\" height=\"2560\" src=\"https:\/\/anacas.es\/wp-content\/uploads\/2023\/11\/Sesion_Embarazo_Yslein-72-scaled.jpg\" class=\"attachment-post-thumbnail size-post-thumbnail wp-post-image\" alt=\"\" srcset=\"https:\/\/anacas.es\/wp-content\/uploads\/2023\/11\/Sesion_Embarazo_Yslein-72-scaled.jpg 1707w, https:\/\/anacas.es\/wp-content\/uploads\/2023\/11\/Sesion_Embarazo_Yslein-72-200x300.jpg 200w, https:\/\/anacas.es\/wp-content\/uploads\/2023\/11\/Sesion_Embarazo_Yslein-72-683x1024.jpg 683w, https:\/\/anacas.es\/wp-content\/uploads\/2023\/11\/Sesion_Embarazo_Yslein-72-768x1152.jpg 768w, https:\/\/anacas.es\/wp-content\/uploads\/2023\/11\/Sesion_Embarazo_Yslein-72-1024x1536.jpg 1024w, https:\/\/anacas.es\/wp-content\/uploads\/2023\/11\/Sesion_Embarazo_Yslein-72-1366x2048.jpg 1366w\" sizes=\"auto, (max-width: 1707px) 100vw, 1707px\" \/>                <\/div>\r\n                <div class=\"proyectos__content\">\r\n                    <div class=\"proyectos__titulo\">\t\r\n                        Maternity                    <\/div>\r\n                <\/div>\r\n                <\/a>\r\n            <\/div>\r\n        \t\t\t\t\t\r\n\t\t\t\t        \r\n\t\t\t<div class=\"col-12 col-4@md col-4@lg proyectos\">\r\n                <a class=\"no-color\" href=\"https:\/\/anacas.es\/en\/proyecto\/kiddos\/\" title=\"Ir al contenido\">\r\n                <div class=\"proyectos__image\">\r\n                    <img loading=\"lazy\" decoding=\"async\" width=\"1334\" height=\"2000\" src=\"https:\/\/anacas.es\/wp-content\/uploads\/2023\/11\/Embarazo_Yolanda-5.jpg\" class=\"attachment-post-thumbnail size-post-thumbnail wp-post-image\" alt=\"\" srcset=\"https:\/\/anacas.es\/wp-content\/uploads\/2023\/11\/Embarazo_Yolanda-5.jpg 1334w, https:\/\/anacas.es\/wp-content\/uploads\/2023\/11\/Embarazo_Yolanda-5-200x300.jpg 200w, https:\/\/anacas.es\/wp-content\/uploads\/2023\/11\/Embarazo_Yolanda-5-683x1024.jpg 683w, https:\/\/anacas.es\/wp-content\/uploads\/2023\/11\/Embarazo_Yolanda-5-768x1151.jpg 768w, https:\/\/anacas.es\/wp-content\/uploads\/2023\/11\/Embarazo_Yolanda-5-1025x1536.jpg 1025w\" sizes=\"auto, (max-width: 1334px) 100vw, 1334px\" \/>                <\/div>\r\n                <div class=\"proyectos__content\">\r\n                    <div class=\"proyectos__titulo\">\t\r\n                        Kiddos                    <\/div>\r\n                <\/div>\r\n                <\/a>\r\n            <\/div>\r\n        \t\t\t\t\t\r\n\t\t\t\t        \r\n\t\t\t<div class=\"col-12 col-4@md col-4@lg proyectos\">\r\n                <a class=\"no-color\" href=\"https:\/\/anacas.es\/en\/proyecto\/product\/\" title=\"Ir al contenido\">\r\n                <div class=\"proyectos__image\">\r\n                    <img loading=\"lazy\" decoding=\"async\" width=\"1200\" height=\"1671\" src=\"https:\/\/anacas.es\/wp-content\/uploads\/2023\/11\/9D65905C-DEAB-4032-97B8-D5F5EB4A2930Fotografia_Producto31.jpg\" class=\"attachment-post-thumbnail size-post-thumbnail wp-post-image\" alt=\"\" srcset=\"https:\/\/anacas.es\/wp-content\/uploads\/2023\/11\/9D65905C-DEAB-4032-97B8-D5F5EB4A2930Fotografia_Producto31.jpg 1200w, https:\/\/anacas.es\/wp-content\/uploads\/2023\/11\/9D65905C-DEAB-4032-97B8-D5F5EB4A2930Fotografia_Producto31-215x300.jpg 215w, https:\/\/anacas.es\/wp-content\/uploads\/2023\/11\/9D65905C-DEAB-4032-97B8-D5F5EB4A2930Fotografia_Producto31-735x1024.jpg 735w, https:\/\/anacas.es\/wp-content\/uploads\/2023\/11\/9D65905C-DEAB-4032-97B8-D5F5EB4A2930Fotografia_Producto31-768x1069.jpg 768w, https:\/\/anacas.es\/wp-content\/uploads\/2023\/11\/9D65905C-DEAB-4032-97B8-D5F5EB4A2930Fotografia_Producto31-1103x1536.jpg 1103w\" sizes=\"auto, (max-width: 1200px) 100vw, 1200px\" \/>                <\/div>\r\n                <div class=\"proyectos__content\">\r\n                    <div class=\"proyectos__titulo\">\t\r\n                        Product                    <\/div>\r\n                <\/div>\r\n                <\/a>\r\n            <\/div>\r\n        \t\t\t\t\t\r\n\t\t\t\t        \r\n\t\t\t<div class=\"col-12 col-4@md col-4@lg proyectos\">\r\n                <a class=\"no-color\" href=\"https:\/\/anacas.es\/en\/proyecto\/portrait\/\" title=\"Ir al contenido\">\r\n                <div class=\"proyectos__image\">\r\n                    <img loading=\"lazy\" decoding=\"async\" width=\"1291\" height=\"1936\" src=\"https:\/\/anacas.es\/wp-content\/uploads\/2023\/11\/Nuria-99-1-1.jpg\" class=\"attachment-post-thumbnail size-post-thumbnail wp-post-image\" alt=\"\" srcset=\"https:\/\/anacas.es\/wp-content\/uploads\/2023\/11\/Nuria-99-1-1.jpg 1291w, https:\/\/anacas.es\/wp-content\/uploads\/2023\/11\/Nuria-99-1-1-200x300.jpg 200w, https:\/\/anacas.es\/wp-content\/uploads\/2023\/11\/Nuria-99-1-1-683x1024.jpg 683w, https:\/\/anacas.es\/wp-content\/uploads\/2023\/11\/Nuria-99-1-1-768x1152.jpg 768w, https:\/\/anacas.es\/wp-content\/uploads\/2023\/11\/Nuria-99-1-1-1024x1536.jpg 1024w\" sizes=\"auto, (max-width: 1291px) 100vw, 1291px\" \/>                <\/div>\r\n                <div class=\"proyectos__content\">\r\n                    <div class=\"proyectos__titulo\">\t\r\n                        Portrait                    <\/div>\r\n                <\/div>\r\n                <\/a>\r\n            <\/div>\r\n        \t\t\t\t\t\r\n\t\t\t\t\t\t\t    \t\t\r\n\t<\/div>\r\n<\/div>\r\n\n\n<div class=\"grid gap-md gap-col-md gap-row-md\">\r\n\t\n<div class=\"col-none col-12 col-2@sm col-2@lg\">\r\n\t\t\t<\/div>\n\n<div class=\"col-none col-12 col-8@sm col-8@lg\">\r\n\t\t\n\n<p class=\"has-text-align-center color-gray has-3-d-3-d-3-c-color has-text-color  pb-md\">My main goal is to provide you with an enriching experience, where you can find answers, inspiration and solutions to your needs. <br>Whether you are looking for a personal portrait, a family session, a wedding or any other special event, count on me to take care of you with with attention to detail and lots of love.<\/p>\n\n\n\n<p class=\"has-text-align-center color-gray has-3-d-3-d-3-c-color has-text-color  pb-md\">&nbsp;<br>I want you to feel part of this online community. That&#8217;s why I encourage you to I encourage you to get in touch and follow me on social networks.&nbsp;<\/p>\n\n\t<\/div>\n\n<div class=\"col-none col-12 col-2@sm col-2@lg\">\r\n\t\t\t<\/div>\n<\/div>\n\t\r\n\t\t\t\t\t<\/div>\r\n\t\t<\/div>\n\n\r\n<div  class=\"content\" >\r\n\r\n\t\t\t\t\t\t<div class=\"container width-100%@lg max-width-100%@lg\">\r\n\t\t\r\n\t\t\n\n<p class=\"has-text-align-center has-text-t1 color-gray has-3-d-3-d-3-c-color has-text-color  pb-md\">LATEST COUPLES&nbsp;<\/p>\n\n\n\r\n<div class=\"carousel\">\r\n    <ul class=\"carousel__list\" data-module-carousel>\r\n                    <li class=\"carousel__item\">\r\n                                    <a href=\"https:\/\/anacas.es\/en\/proyecto\/couple\/\">\r\n                                <img decoding=\"async\" src=\"https:\/\/anacas.es\/wp-content\/uploads\/2023\/10\/Raul-_-Alicia-1705-1.jpg\" alt=\"image gallery\">\r\n                                    <\/a>\r\n                            <\/li>\r\n                    <li class=\"carousel__item\">\r\n                                    <a href=\"https:\/\/anacas.es\/en\/proyecto\/couple\/\">\r\n                                <img decoding=\"async\" src=\"https:\/\/anacas.es\/wp-content\/uploads\/2023\/10\/Boda_Lorena_y_Hugo-908-1.jpg\" alt=\"image gallery\">\r\n                                    <\/a>\r\n                            <\/li>\r\n                    <li class=\"carousel__item\">\r\n                                    <a href=\"https:\/\/anacas.es\/en\/proyecto\/couple\/\">\r\n                                <img decoding=\"async\" src=\"https:\/\/anacas.es\/wp-content\/uploads\/2023\/10\/Boda_Luis-y-Laura-1.jpg\" alt=\"image gallery\">\r\n                                    <\/a>\r\n                            <\/li>\r\n                    <li class=\"carousel__item\">\r\n                                    <a href=\"https:\/\/anacas.es\/en\/proyecto\/couple\/\">\r\n                                <img decoding=\"async\" src=\"https:\/\/anacas.es\/wp-content\/uploads\/2023\/10\/Boda_Laura_y_Luis-1-1.jpg\" alt=\"image gallery\">\r\n                                    <\/a>\r\n                            <\/li>\r\n                    <li class=\"carousel__item\">\r\n                                    <a href=\"https:\/\/anacas.es\/en\/proyecto\/couple\/\">\r\n                                <img decoding=\"async\" src=\"https:\/\/anacas.es\/wp-content\/uploads\/2023\/10\/SebasAlex-55-1.jpg\" alt=\"image gallery\">\r\n                                    <\/a>\r\n                            <\/li>\r\n            <\/ul>\r\n<\/div>\r\n\n\t\r\n\t\t\t\t\t<\/div>\r\n\t\t<\/div>\n\n\r\n<div  class=\"content margin-top-lg pt-md pb-md bg-color-beige\" >\r\n\r\n\t\t\t\t\t\t<div class=\"container max-width-xl\">\r\n\t\t\r\n\t\t\n<div class=\"grid gap-md gap-col-md gap-row-md mt-xl mb-md\">\r\n\t\n<div class=\"col-none col-12 col-1@sm col-1@lg\">\r\n\t\t\t<\/div>\n\n<div class=\"col-none col-12 col-5@sm col-5@lg\">\r\n\t\t\n\n<p class=\"has-text-t1 color-gray has-3-d-3-d-3-c-color has-text-color\">ARE YOU GETTING MARRIED?&nbsp;<\/p>\n\n\t<\/div>\n\n<div class=\"col-none col-12 col-1@sm col-1@lg\">\r\n\t\t\t<\/div>\n\n<div class=\"col-none col-12 col-4@sm col-4@lg\">\r\n\t\t\n\n<p class=\" pb-md\">We would be delighted to be able to accompany you on such an important day for you. We love weddings! Their preparations and their liturgy&#8230; The moments of maximum emotion and of course the party. Find out more about our packages and see what other brides and grooms have to say about us. about us.&nbsp;<\/p>\n\n\n<a role=\"button\" href=\"https:\/\/anacas.es\/en\/proyecto\/weddings\/\" class=\"btn ico-arrow\"   title=\"See weddings\u00a0\">\r\n\tSee weddings\u00a0\t\r\n\t\t\t<i class=\"ico icon-arrow\"><\/i>\r\n\t<\/a>\n\t<\/div>\n<\/div>\n\t\r\n\t\t\t\t\t<\/div>\r\n\t\t<\/div>\n\n\r\n<div  class=\"content margin-top-lg mb-xl\" >\r\n\r\n\t\t\t\t\t\t<div class=\"container width-100%@lg max-width-100%@lg\">\r\n\t\t\r\n\t\t\n\n<p class=\"has-text-align-center has-text-t1 color-gray has-3-d-3-d-3-c-color has-text-color  pb-md\">WEDDING PACKS&nbsp;<\/p>\n\n\n\r\n<div class=\"carousel\">\r\n    <ul class=\"carousel__list\" data-module-carousel>\r\n                    <li class=\"carousel__item\">\r\n                                    <a href=\"https:\/\/anacas.es\/en\/proyecto\/weddings\/\">\r\n                                <img decoding=\"async\" src=\"https:\/\/anacas.es\/wp-content\/uploads\/2023\/11\/Boda_Luis_y_Laura-1-3.jpg\" alt=\"image gallery\">\r\n                                    <\/a>\r\n                            <\/li>\r\n                    <li class=\"carousel__item\">\r\n                                    <a href=\"https:\/\/anacas.es\/en\/proyecto\/weddings\/\">\r\n                                <img decoding=\"async\" src=\"https:\/\/anacas.es\/wp-content\/uploads\/2023\/09\/TipoDefault-6.png\" alt=\"image gallery\">\r\n                                    <\/a>\r\n                            <\/li>\r\n                    <li class=\"carousel__item\">\r\n                                    <a href=\"https:\/\/anacas.es\/en\/proyecto\/weddings\/\">\r\n                                <img decoding=\"async\" src=\"https:\/\/anacas.es\/wp-content\/uploads\/2023\/09\/TipoDefault-5.png\" alt=\"image gallery\">\r\n                                    <\/a>\r\n                            <\/li>\r\n                    <li class=\"carousel__item\">\r\n                                    <a href=\"https:\/\/anacas.es\/en\/proyecto\/weddings\/\">\r\n                                <img decoding=\"async\" src=\"https:\/\/anacas.es\/wp-content\/uploads\/2023\/09\/TipoDefault-2-3.png\" alt=\"image gallery\">\r\n                                    <\/a>\r\n                            <\/li>\r\n                    <li class=\"carousel__item\">\r\n                                    <a href=\"https:\/\/anacas.es\/en\/proyecto\/weddings\/\">\r\n                                <img decoding=\"async\" src=\"https:\/\/anacas.es\/wp-content\/uploads\/2023\/09\/TipoDefault-1-3.png\" alt=\"image gallery\">\r\n                                    <\/a>\r\n                            <\/li>\r\n                    <li class=\"carousel__item\">\r\n                                    <a href=\"https:\/\/anacas.es\/en\/proyecto\/weddings\/\">\r\n                                <img decoding=\"async\" src=\"https:\/\/anacas.es\/wp-content\/uploads\/2023\/11\/LUIS_Y_MARIA-1-1.jpg\" alt=\"image gallery\">\r\n                                    <\/a>\r\n                            <\/li>\r\n                    <li class=\"carousel__item\">\r\n                                    <a href=\"https:\/\/anacas.es\/en\/proyecto\/weddings\/\">\r\n                                <img decoding=\"async\" src=\"https:\/\/anacas.es\/wp-content\/uploads\/2023\/11\/Boda_Lorena_y_Hugo-908-3.jpg\" alt=\"image gallery\">\r\n                                    <\/a>\r\n                            <\/li>\r\n            <\/ul>\r\n<\/div>\r\n\n\t\r\n\t\t\t\t\t<\/div>\r\n\t\t<\/div>\n\n\r\n<div  class=\"content margin-top-lg mb-xl\" >\r\n\r\n\t\t\t\t\t\t<div class=\"container max-width-xl\">\r\n\t\t\r\n\t\t\n\n<figure class=\"wp-block-image alignfull size-large\"><img loading=\"lazy\" decoding=\"async\" width=\"1024\" height=\"560\" src=\"https:\/\/anacas.es\/wp-content\/uploads\/2023\/09\/28-1-4-1024x560.png\" alt=\"\" class=\"wp-image-322\" srcset=\"https:\/\/anacas.es\/wp-content\/uploads\/2023\/09\/28-1-4-1024x560.png 1024w, https:\/\/anacas.es\/wp-content\/uploads\/2023\/09\/28-1-4-300x164.png 300w, https:\/\/anacas.es\/wp-content\/uploads\/2023\/09\/28-1-4-768x420.png 768w, https:\/\/anacas.es\/wp-content\/uploads\/2023\/09\/28-1-4.png 1158w\" sizes=\"auto, (max-width: 1024px) 100vw, 1024px\" \/><\/figure>\n\n\t\r\n\t\t\t\t\t<\/div>\r\n\t\t<\/div>\n\n\r\n<div  class=\"content pt-md pb-xl bg-color-beige\" >\r\n\r\n\t\t\t\t\t\t<div class=\"container max-width-xl\">\r\n\t\t\r\n\t\t\n<div class=\"grid gap-md gap-col-md gap-row-md\">\r\n\t\n<div class=\"col-none col-12 col-1@sm col-1@lg\">\r\n\t\t\t<\/div>\n\n<div class=\"col-none col-12 col-12@sm col-6@lg\">\r\n\t\t\n\n<p class=\"has-text-t1 color-gray has-3-d-3-d-3-c-color has-text-color mt-md mb-md pt-md  pb-md\">WHAT DO THE PACKS INCLUDE?&nbsp;<\/p>\n\n\t<\/div>\n<\/div>\n\n<div class=\"grid gap-md\">\r\n\t\n<div class=\"col-none col-12 col-12@sm col-1@lg\">\r\n\t\t\t<\/div>\n\n<div class=\"col-none col-12 col-12@sm col-4@lg overFlowed\">\r\n\t\t\n\n<p class=\"color-gray has-3-d-3-d-3-c-color has-text-color  pb-md\">And so that you can share your memories immediately, we also offer you a next day we also offer a next day preview service, where we give you a preview of the we deliver a preview of the best photos for the most anxious ones. Plus, so that your parents can have tangible memories too, we include special albums memories, we include special albums for them.&nbsp;<\/p>\n\n\n<a role=\"button\" href=\"https:\/\/anacas.es\/en\/proyecto\/weddings\/\" class=\"btn ico-arrow\"   title=\"See weddings\u00a0\">\r\n\tSee weddings\u00a0\t\r\n\t\t\t<i class=\"ico icon-arrow\"><\/i>\r\n\t<\/a>\n\t<\/div>\n\n<div class=\"col-none col-12 col-12@sm col-2@lg\">\r\n\t\t\t<\/div>\n\n<div class=\"col-none col-12 col-12@sm col-4@lg\">\r\n\t\t\n\n<p class=\"color-gray has-3-d-3-d-3-c-color has-text-color  pb-md\">We offer exclusive wedding packages tailored to your needs. Our services include high quality photography and videography, with the option of a second of a second operator to capture even more magical moments. We guarantee full coverage of your wedding. In addition, we offer stunning aerial drone shots.&nbsp;<\/p>\n\n\t<\/div>\n<\/div>\n\t\r\n\t\t\t\t\t<\/div>\r\n\t\t<\/div>\n\n\r\n<div  class=\"content margin-top-lg mb-xl\" >\r\n\r\n\t\t\t\t\t\t<div class=\"container width-100%@lg max-width-100%@lg\">\r\n\t\t\r\n\t\t\n\r\n<div class=\"carousel\">\r\n    <ul class=\"carousel__list\" data-module-carousel>\r\n                    <li class=\"carousel__item\">\r\n                                    <a href=\"https:\/\/anacas.es\/en\/proyecto\/product\/\">\r\n                                <img decoding=\"async\" src=\"https:\/\/anacas.es\/wp-content\/uploads\/2023\/09\/TipoDefault-6-1.png\" alt=\"image gallery\">\r\n                                    <\/a>\r\n                            <\/li>\r\n                    <li class=\"carousel__item\">\r\n                                    <a href=\"https:\/\/anacas.es\/en\/proyecto\/product\/\">\r\n                                <img decoding=\"async\" src=\"https:\/\/anacas.es\/wp-content\/uploads\/2023\/09\/TipoDefault-5-1.png\" alt=\"image gallery\">\r\n                                    <\/a>\r\n                            <\/li>\r\n                    <li class=\"carousel__item\">\r\n                                    <a href=\"https:\/\/anacas.es\/en\/proyecto\/product\/\">\r\n                                <img decoding=\"async\" src=\"https:\/\/anacas.es\/wp-content\/uploads\/2023\/09\/TipoDefault-4-4.png\" alt=\"image gallery\">\r\n                                    <\/a>\r\n                            <\/li>\r\n                    <li class=\"carousel__item\">\r\n                                    <a href=\"https:\/\/anacas.es\/en\/proyecto\/product\/\">\r\n                                <img decoding=\"async\" src=\"https:\/\/anacas.es\/wp-content\/uploads\/2023\/09\/TipoDefault-3-4.png\" alt=\"image gallery\">\r\n                                    <\/a>\r\n                            <\/li>\r\n                    <li class=\"carousel__item\">\r\n                                    <a href=\"https:\/\/anacas.es\/en\/proyecto\/product\/\">\r\n                                <img decoding=\"async\" src=\"https:\/\/anacas.es\/wp-content\/uploads\/2023\/09\/TipoDefault-2-4.png\" alt=\"image gallery\">\r\n                                    <\/a>\r\n                            <\/li>\r\n                    <li class=\"carousel__item\">\r\n                                    <a href=\"https:\/\/anacas.es\/en\/proyecto\/product\/\">\r\n                                <img decoding=\"async\" src=\"https:\/\/anacas.es\/wp-content\/uploads\/2023\/09\/TipoDefault-1-4.png\" alt=\"image gallery\">\r\n                                    <\/a>\r\n                            <\/li>\r\n            <\/ul>\r\n<\/div>\r\n\n\t\r\n\t\t\t\t\t<\/div>\r\n\t\t<\/div>\n\n\r\n<div  class=\"content margin-top-lg mb-xl\" >\r\n\r\n\t\t\t\t\t\t<div class=\"container max-width-xl\">\r\n\t\t\r\n\t\t\n\n<p class=\"has-text-align-center has-text-t1 color-gray has-3-d-3-d-3-c-color has-text-color  pb-md\">OUR CLIENTS&nbsp;<\/p>\n\n\n<div class=\"grid gap-md gap-col-md gap-row-md\">\r\n\t\n<div class=\"col-none col-12 col-12@sm col-4@lg isCard\">\r\n\t\t\n\n<p class=\"color-gray has-3-d-3-d-3-c-color has-text-color\">We are very happy with Ana&#8217;s work, she single-handedly took a lot of quality photos quality photos, with personality and natural. Some of them almost look like film stills. Good value for money, fast delivery fast delivery time and a very approachable person. Without a doubt I I recommend her and will count on her for any future photographic work. future.&nbsp;<\/p>\n\n\n<h2 class=\"wp-block-heading has-text-t2 color-gray has-3-d-3-d-3-c-color has-text-color\">Julia<\/h2>\n\n\t<\/div>\n\n<div class=\"col-none col-12 col-12@sm col-4@lg isCard\">\r\n\t\t\n\n<p class=\"color-gray has-3-d-3-d-3-c-color has-text-color\">Ana was a great choice, she was wonderful in the pre-wedding session we did, short, light and very we did, short, light and very funny. And at the wedding there wasn&#8217;t a moment we didn&#8217;t want any posed pictures, so we got many beautiful moments many beautiful moments caught without realising it. We are very happy to have chosen her for our big day.&nbsp;<\/p>\n\n\n<h2 class=\"wp-block-heading has-text-t2 color-gray has-3-d-3-d-3-c-color has-text-color\">In\u00e9s<\/h2>\n\n\t<\/div>\n\n<div class=\"col-none col-12 col-12@sm col-4@lg isCard\">\r\n\t\t\n\n<p class=\"color-gray has-3-d-3-d-3-c-color has-text-color\">It was amazing! Ana&#8217;s work was 10 out of 10. It was marvellous all the effort and and dedication she put in. Every detail, every moment, it seems to me admirable the affection with which she does it. how well she has behaved with us and for the joy she transmits! Without a doubt, I highly recommend her!&nbsp;<\/p>\n\n\n<h2 class=\"wp-block-heading has-text-t2 color-gray has-3-d-3-d-3-c-color has-text-color\">Diana<\/h2>\n\n\t<\/div>\n<\/div>\n\n<div class=\"grid gap-md gap-col-md gap-row-md mt-xl\">\r\n\t\n<div class=\"col-none col-12 col-4@sm col-4@lg\">\r\n\t\t\t<\/div>\n\n<div class=\"col-none col-12 col-4@sm col-4@lg\">\r\n\t\t\n\n<p class=\"has-text-align-center color-gray has-3-d-3-d-3-c-color has-text-color\">Find us on&nbsp;<\/p>\n\n\n\n<figure class=\"wp-block-image size-full\"><img loading=\"lazy\" decoding=\"async\" width=\"376\" height=\"84\" src=\"https:\/\/anacas.es\/wp-content\/uploads\/2023\/09\/bodasnet-1.png\" alt=\"\" class=\"wp-image-356\" srcset=\"https:\/\/anacas.es\/wp-content\/uploads\/2023\/09\/bodasnet-1.png 376w, https:\/\/anacas.es\/wp-content\/uploads\/2023\/09\/bodasnet-1-300x67.png 300w\" sizes=\"auto, (max-width: 376px) 100vw, 376px\" \/><\/figure>\n\n\t<\/div>\n\n<div class=\"col-none col-12 col-4@sm col-4@lg\">\r\n\t\t\t<\/div>\n<\/div>\n\t\r\n\t\t\t\t\t<\/div>\r\n\t\t<\/div>\n\n\r\n<div  class=\"content margin-top-lg mb-xl\" >\r\n\r\n\t\t\t\t\t\t<div class=\"container width-100%@lg max-width-100%@lg\">\r\n\t\t\r\n\t\t\n\n<p class=\"has-text-align-center has-text-t1 color-gray has-3-d-3-d-3-c-color has-text-color  pb-md\">RECENT STORIES&nbsp;<\/p>\n\n\n\r\n<div class=\"carousel\">\r\n    <ul class=\"carousel__list\" data-module-carousel>\r\n                    <li class=\"carousel__item\">\r\n                                    <a href=\"https:\/\/anacas.es\/en\/proyecto\/weddings\/\">\r\n                                <img decoding=\"async\" src=\"https:\/\/anacas.es\/wp-content\/uploads\/2023\/11\/Boda_Luis_y_Laura-1-3.jpg\" alt=\"image gallery\">\r\n                                    <\/a>\r\n                            <\/li>\r\n                    <li class=\"carousel__item\">\r\n                                    <a href=\"https:\/\/anacas.es\/en\/proyecto\/weddings\/\">\r\n                                <img decoding=\"async\" src=\"https:\/\/anacas.es\/wp-content\/uploads\/2023\/09\/TipoDefault-6.png\" alt=\"image gallery\">\r\n                                    <\/a>\r\n                            <\/li>\r\n                    <li class=\"carousel__item\">\r\n                                    <a href=\"https:\/\/anacas.es\/en\/proyecto\/weddings\/\">\r\n                                <img decoding=\"async\" src=\"https:\/\/anacas.es\/wp-content\/uploads\/2023\/09\/TipoDefault-5.png\" alt=\"image gallery\">\r\n                                    <\/a>\r\n                            <\/li>\r\n                    <li class=\"carousel__item\">\r\n                                    <a href=\"https:\/\/anacas.es\/en\/proyecto\/weddings\/\">\r\n                                <img decoding=\"async\" src=\"https:\/\/anacas.es\/wp-content\/uploads\/2023\/09\/TipoDefault-2-3.png\" alt=\"image gallery\">\r\n                                    <\/a>\r\n                            <\/li>\r\n                    <li class=\"carousel__item\">\r\n                                    <a href=\"https:\/\/anacas.es\/en\/proyecto\/weddings\/\">\r\n                                <img decoding=\"async\" src=\"https:\/\/anacas.es\/wp-content\/uploads\/2023\/09\/TipoDefault-1-3.png\" alt=\"image gallery\">\r\n                                    <\/a>\r\n                            <\/li>\r\n                    <li class=\"carousel__item\">\r\n                                    <a href=\"https:\/\/anacas.es\/en\/proyecto\/weddings\/\">\r\n                                <img decoding=\"async\" src=\"https:\/\/anacas.es\/wp-content\/uploads\/2023\/11\/LUIS_Y_MARIA-1-1.jpg\" alt=\"image gallery\">\r\n                                    <\/a>\r\n                            <\/li>\r\n                    <li class=\"carousel__item\">\r\n                                    <a href=\"https:\/\/anacas.es\/en\/proyecto\/weddings\/\">\r\n                                <img decoding=\"async\" src=\"https:\/\/anacas.es\/wp-content\/uploads\/2023\/11\/Boda_Lorena_y_Hugo-908-3.jpg\" alt=\"image gallery\">\r\n                                    <\/a>\r\n                            <\/li>\r\n            <\/ul>\r\n<\/div>\r\n\n\t\r\n\t\t\t\t\t<\/div>\r\n\t\t<\/div>\n\n\r\n<div  class=\"content pt-xl pb-xl bg-color-beige\" >\r\n\r\n\t\t\t\t\t\t<div class=\"container max-width-xl\">\r\n\t\t\r\n\t\t\n<div class=\"grid gap-md gap-col-md gap-row-md\">\r\n\t\n<div class=\"col-none col-12 col-12@sm col-1@lg\">\r\n\t\t\t<\/div>\n\n<div class=\"col-none col-12 col-12@sm col-4@lg overFlowed\">\r\n\t\t\n\n<p class=\"has-text-t1 color-gray has-3-d-3-d-3-c-color has-text-color\">WHAT CAN WE DO TOGETHER?&nbsp;<\/p>\n\n\t<\/div>\n\n<div class=\"col-none col-12 col-12@sm col-2@lg\">\r\n\t\t\t<\/div>\n\n<div class=\"col-none col-12 col-12@sm col-4@lg\">\r\n\t\t\n\n<p class=\" pb-md\">From covering an event to a very intimate photo shoot in your living room or a living room or following your pregnancy. Are you a company? I can also help you boost your business with your social media content.&nbsp;<\/p>\n\n\n<a role=\"button\" href=\"https:\/\/anacas.es\/en\/contact\/\" class=\"btn mb-md pb-md ico-arrow\"   title=\"Learn more\u00a0\">\r\n\tLearn more\u00a0\t\r\n\t\t\t<i class=\"ico icon-arrow\"><\/i>\r\n\t<\/a>\n\t<\/div>\n<\/div>\n\t\r\n\t\t\t\t\t<\/div>\r\n\t\t<\/div>\n\n\r\n<div  class=\"content margin-top-lg mb-xl\" >\r\n\r\n\t\t\t\t\t\t<div class=\"container max-width-xl\">\r\n\t\t\r\n\t\t\n<div class=\"grid gap-md gap-col-md gap-row-md pb-md\">\r\n\t\n<div class=\"col-none col-12 col-12@sm col-3@lg\">\r\n\t\t\t<\/div>\n\n<div class=\"col-none col-12 col-12@sm col-6@lg\">\r\n\t\t\n<h2 class=\"wp-block-heading has-text-align-center has-text-t2 color-gray has-3-d-3-d-3-c-color has-text-color  pb-md\">&#8220;I&#8217;VE ALWAYS BEEN AFRAID OF PEOPLE WHO HAVE MORE ANSWERS THAN QUESTIONS. QUESTIONS.&#8221;\u00a0<\/h2>\n\n\n\n<p class=\"has-text-align-center color-gray has-3-d-3-d-3-c-color has-text-color\">ROSA MONTERO, JOURNALIST AND WRITER&nbsp;<\/p>\n\n\t<\/div>\n\n<div class=\"col-none col-12 col-12@sm col-3@lg\">\r\n\t\t\t<\/div>\n\n<div class=\"col-none col-12 col-12@sm col-4@lg\">\r\n\t\t\t<\/div>\n<\/div>\n\n\n<div class=\"wp-block-migb-masonry-gallery migb_2b3bfe04\" data-id=\"2b3bfe04\" id=\"2b3bfe04\"><div class=\"single-gallery-image\"><figure><img loading=\"lazy\" decoding=\"async\" width=\"672\" height=\"496\" src=\"https:\/\/anacas.es\/wp-content\/uploads\/2023\/09\/30.png\" alt=\"Gallery Image\" class=\"wp-image-380\" srcset=\"https:\/\/anacas.es\/wp-content\/uploads\/2023\/09\/30.png 672w, https:\/\/anacas.es\/wp-content\/uploads\/2023\/09\/30-300x221.png 300w\" sizes=\"auto, (max-width: 672px) 100vw, 672px\" \/><\/figure><\/div><\/div>\n\n\t\r\n\t\t\t\t\t<\/div>\r\n\t\t<\/div>\n\n\r\n<div  class=\"content pt-xl pb-md bg-color-beige\" >\r\n\r\n\t\t\t\t\t\t<div class=\"container max-width-xl\">\r\n\t\t\r\n\t\t\n<div class=\"grid gap-md gap-col-md gap-row-md\">\r\n\t\n<div class=\"col-none col-12 col-12@sm col-1@lg\">\r\n\t\t\t<\/div>\n\n<div class=\"col-none col-12 col-12@sm col-4@lg overFlowed\">\r\n\t\t\n\n<p class=\"has-text-t1 color-gray has-3-d-3-d-3-c-color has-text-color\">HEY, JUDE<\/p>\n\n\t<\/div>\n\n<div class=\"col-none col-12 col-12@sm col-2@lg\">\r\n\t\t\t<\/div>\n\n<div class=\"col-none col-12 col-12@sm col-4@lg\">\r\n\t\t\n\n<p class=\" pb-md\">Working as a photographer allows me to tell other people&#8217;s stories, but this time it&#8217;s my turn to tell you more about my own. this time it&#8217;s my turn to tell you more about my own. Let&#8217;s start with a song. <a href=\"https:\/\/anacas.es\/en\/hey-jude\/\">Hey Jude<\/a>&#8230;&nbsp;<\/p>\n\n\n<a role=\"button\" href=\"https:\/\/anacas.es\/en\/hey-jude\/\" class=\"btn mb-md pb-md ico-arrow\"   title=\"Know me\">\r\n\tKnow me\t\r\n\t\t\t<i class=\"ico icon-arrow\"><\/i>\r\n\t<\/a>\n\t<\/div>\n<\/div>\n\t\r\n\t\t\t\t\t<\/div>\r\n\t\t<\/div>\n\n\r\n<div  class=\"content margin-top-lg pt-xl pb-md\" >\r\n\r\n\t\t\t\t\t\t<div class=\"container max-width-xl\">\r\n\t\t\r\n\t\t\n\r\n<div class=\"instagramcarousel\">\r\n    <ul class=\"instagramcarousel__list\" data-module-instagramcarousel>\r\n                    <li class=\"instagramcarousel__item\">\r\n                                    <a href=\"https:\/\/www.instagram.com\/ana__cas\" target=\"_blank\">\r\n                                <img decoding=\"async\" src=\"https:\/\/anacas.es\/wp-content\/uploads\/2023\/11\/Ana_Cas_Fotografia_preboda129.jpg\" alt=\"instagram photo\">\r\n                                    <\/a>\r\n                            <\/li>\r\n                    <li class=\"instagramcarousel__item\">\r\n                                    <a href=\"https:\/\/www.instagram.com\/ana__cas\" target=\"_blank\">\r\n                                <img decoding=\"async\" src=\"https:\/\/anacas.es\/wp-content\/uploads\/2023\/11\/Ana_Cas_Fotografia_preboda121.jpg\" alt=\"instagram photo\">\r\n                                    <\/a>\r\n                            <\/li>\r\n                    <li class=\"instagramcarousel__item\">\r\n                                    <a href=\"https:\/\/www.instagram.com\/ana__cas\" target=\"_blank\">\r\n                                <img decoding=\"async\" src=\"https:\/\/anacas.es\/wp-content\/uploads\/2023\/11\/Preboda_EsmeraldaFelipe-26.png\" alt=\"instagram photo\">\r\n                                    <\/a>\r\n                            <\/li>\r\n                    <li class=\"instagramcarousel__item\">\r\n                                    <a href=\"https:\/\/www.instagram.com\/ana__cas\" target=\"_blank\">\r\n                                <img decoding=\"async\" src=\"https:\/\/anacas.es\/wp-content\/uploads\/2023\/11\/N_R-104.png\" alt=\"instagram photo\">\r\n                                    <\/a>\r\n                            <\/li>\r\n                    <li class=\"instagramcarousel__item\">\r\n                                    <a href=\"https:\/\/www.instagram.com\/ana__cas\" target=\"_blank\">\r\n                                <img decoding=\"async\" src=\"https:\/\/anacas.es\/wp-content\/uploads\/2023\/11\/N_R-85.png\" alt=\"instagram photo\">\r\n                                    <\/a>\r\n                            <\/li>\r\n                    <li class=\"instagramcarousel__item\">\r\n                                    <a href=\"https:\/\/www.instagram.com\/ana__cas\" target=\"_blank\">\r\n                                <img decoding=\"async\" src=\"https:\/\/anacas.es\/wp-content\/uploads\/2023\/11\/Marta-y-Pablo-Caleta-6819.png\" alt=\"instagram photo\">\r\n                                    <\/a>\r\n                            <\/li>\r\n                    <li class=\"instagramcarousel__item\">\r\n                                    <a href=\"https:\/\/www.instagram.com\/ana__cas\" target=\"_blank\">\r\n                                <img decoding=\"async\" src=\"https:\/\/anacas.es\/wp-content\/uploads\/2023\/11\/LUIS_Y_MARIA.png\" alt=\"instagram photo\">\r\n                                    <\/a>\r\n                            <\/li>\r\n                    <li class=\"instagramcarousel__item\">\r\n                                    <a href=\"https:\/\/www.instagram.com\/ana__cas\" target=\"_blank\">\r\n                                <img decoding=\"async\" src=\"https:\/\/anacas.es\/wp-content\/uploads\/2023\/11\/KJ_ENGAGEMENT-61.png\" alt=\"instagram photo\">\r\n                                    <\/a>\r\n                            <\/li>\r\n                    <li class=\"instagramcarousel__item\">\r\n                                    <a href=\"https:\/\/www.instagram.com\/ana__cas\" target=\"_blank\">\r\n                                <img decoding=\"async\" src=\"https:\/\/anacas.es\/wp-content\/uploads\/2023\/11\/KJ_ENGAGEMENT-4.png\" alt=\"instagram photo\">\r\n                                    <\/a>\r\n                            <\/li>\r\n                    <li class=\"instagramcarousel__item\">\r\n                                    <a href=\"https:\/\/www.instagram.com\/ana__cas\" target=\"_blank\">\r\n                                <img decoding=\"async\" src=\"https:\/\/anacas.es\/wp-content\/uploads\/2023\/11\/Eleni-y-Javi-3848.png\" alt=\"instagram photo\">\r\n                                    <\/a>\r\n                            <\/li>\r\n                    <li class=\"instagramcarousel__item\">\r\n                                    <a href=\"https:\/\/www.instagram.com\/ana__cas\" target=\"_blank\">\r\n                                <img decoding=\"async\" src=\"https:\/\/anacas.es\/wp-content\/uploads\/2023\/11\/EFpreboda.png\" alt=\"instagram photo\">\r\n                                    <\/a>\r\n                            <\/li>\r\n                    <li class=\"instagramcarousel__item\">\r\n                                    <a href=\"https:\/\/www.instagram.com\/ana__cas\" target=\"_blank\">\r\n                                <img decoding=\"async\" src=\"https:\/\/anacas.es\/wp-content\/uploads\/2023\/11\/Conchi-_-Pascual-7400.png\" alt=\"instagram photo\">\r\n                                    <\/a>\r\n                            <\/li>\r\n            <\/ul>\r\n<\/div>\r\n\n\t\r\n\t\t\t\t\t<\/div>\r\n\t\t<\/div>","protected":false},"excerpt":{"rendered":"","protected":false},"author":1,"featured_media":0,"parent":0,"menu_order":0,"comment_status":"closed","ping_status":"closed","template":"","meta":{"inline_featured_image":false,"footnotes":""},"class_list":["post-1358","page","type-page","status-publish","hentry"],"acf":[],"yoast_head":"<!-- This site is optimized with the Yoast SEO plugin v24.7 - https:\/\/yoast.com\/wordpress\/plugins\/seo\/ -->\n<title>Home - Anacas<\/title>\n<meta name=\"description\" content=\"Ana Cas, fot\u00f3grafa de bodas en Murcia. Ojal\u00e1 que disfrutes recorriendo este rinc\u00f3n que con tanto cari\u00f1o he creado.\" \/>\n<meta name=\"robots\" content=\"index, follow, max-snippet:-1, max-image-preview:large, max-video-preview:-1\" \/>\n<link rel=\"canonical\" href=\"https:\/\/anacas.es\/en\/\" \/>\n<meta property=\"og:locale\" content=\"en_US\" \/>\n<meta property=\"og:type\" content=\"article\" \/>\n<meta property=\"og:title\" content=\"Home - Anacas\" \/>\n<meta property=\"og:description\" content=\"Ana Cas, fot\u00f3grafa de bodas en Murcia. Ojal\u00e1 que disfrutes recorriendo este rinc\u00f3n que con tanto cari\u00f1o he creado.\" \/>\n<meta property=\"og:url\" content=\"https:\/\/anacas.es\/en\/\" \/>\n<meta property=\"og:site_name\" content=\"Anacas\" \/>\n<meta property=\"article:modified_time\" content=\"2023-12-05T11:18:09+00:00\" \/>\n<meta property=\"og:image\" content=\"https:\/\/anacas.es\/wp-content\/uploads\/2023\/09\/28-1-4-1024x560.png\" \/>\n<meta name=\"twitter:card\" content=\"summary_large_image\" \/>\n<meta name=\"twitter:label1\" content=\"Est. reading time\" \/>\n\t<meta name=\"twitter:data1\" content=\"4 minutes\" \/>\n<script type=\"application\/ld+json\" class=\"yoast-schema-graph\">{\"@context\":\"https:\/\/schema.org\",\"@graph\":[{\"@type\":\"WebPage\",\"@id\":\"https:\/\/anacas.es\/en\/\",\"url\":\"https:\/\/anacas.es\/en\/\",\"name\":\"Home - Anacas\",\"isPartOf\":{\"@id\":\"https:\/\/anacas.es\/en\/#website\"},\"primaryImageOfPage\":{\"@id\":\"https:\/\/anacas.es\/en\/#primaryimage\"},\"image\":{\"@id\":\"https:\/\/anacas.es\/en\/#primaryimage\"},\"thumbnailUrl\":\"https:\/\/anacas.es\/wp-content\/uploads\/2023\/09\/28-1-4-1024x560.png\",\"datePublished\":\"2023-09-20T10:56:03+00:00\",\"dateModified\":\"2023-12-05T11:18:09+00:00\",\"description\":\"Ana Cas, fot\u00f3grafa de bodas en Murcia. Ojal\u00e1 que disfrutes recorriendo este rinc\u00f3n que con tanto cari\u00f1o he creado.\",\"breadcrumb\":{\"@id\":\"https:\/\/anacas.es\/en\/#breadcrumb\"},\"inLanguage\":\"en-US\",\"potentialAction\":[{\"@type\":\"ReadAction\",\"target\":[\"https:\/\/anacas.es\/en\/\"]}]},{\"@type\":\"ImageObject\",\"inLanguage\":\"en-US\",\"@id\":\"https:\/\/anacas.es\/en\/#primaryimage\",\"url\":\"https:\/\/anacas.es\/wp-content\/uploads\/2023\/09\/28-1-4-1024x560.png\",\"contentUrl\":\"https:\/\/anacas.es\/wp-content\/uploads\/2023\/09\/28-1-4-1024x560.png\"},{\"@type\":\"BreadcrumbList\",\"@id\":\"https:\/\/anacas.es\/en\/#breadcrumb\",\"itemListElement\":[{\"@type\":\"ListItem\",\"position\":1,\"name\":\"Portada\",\"item\":\"https:\/\/anacas.es\/en\/\"},{\"@type\":\"ListItem\",\"position\":2,\"name\":\"Home\"}]},{\"@type\":\"WebSite\",\"@id\":\"https:\/\/anacas.es\/en\/#website\",\"url\":\"https:\/\/anacas.es\/en\/\",\"name\":\"Anacas\",\"description\":\"\",\"potentialAction\":[{\"@type\":\"SearchAction\",\"target\":{\"@type\":\"EntryPoint\",\"urlTemplate\":\"https:\/\/anacas.es\/en\/?s={search_term_string}\"},\"query-input\":{\"@type\":\"PropertyValueSpecification\",\"valueRequired\":true,\"valueName\":\"search_term_string\"}}],\"inLanguage\":\"en-US\"}]}<\/script>\n<!-- \/ Yoast SEO plugin. -->","yoast_head_json":{"title":"Home - Anacas","description":"Ana Cas, fot\u00f3grafa de bodas en Murcia. Ojal\u00e1 que disfrutes recorriendo este rinc\u00f3n que con tanto cari\u00f1o he creado.","robots":{"index":"index","follow":"follow","max-snippet":"max-snippet:-1","max-image-preview":"max-image-preview:large","max-video-preview":"max-video-preview:-1"},"canonical":"https:\/\/anacas.es\/en\/","og_locale":"en_US","og_type":"article","og_title":"Home - Anacas","og_description":"Ana Cas, fot\u00f3grafa de bodas en Murcia. Ojal\u00e1 que disfrutes recorriendo este rinc\u00f3n que con tanto cari\u00f1o he creado.","og_url":"https:\/\/anacas.es\/en\/","og_site_name":"Anacas","article_modified_time":"2023-12-05T11:18:09+00:00","og_image":[{"url":"https:\/\/anacas.es\/wp-content\/uploads\/2023\/09\/28-1-4-1024x560.png","type":"","width":"","height":""}],"twitter_card":"summary_large_image","twitter_misc":{"Est. reading time":"4 minutes"},"schema":{"@context":"https:\/\/schema.org","@graph":[{"@type":"WebPage","@id":"https:\/\/anacas.es\/en\/","url":"https:\/\/anacas.es\/en\/","name":"Home - Anacas","isPartOf":{"@id":"https:\/\/anacas.es\/en\/#website"},"primaryImageOfPage":{"@id":"https:\/\/anacas.es\/en\/#primaryimage"},"image":{"@id":"https:\/\/anacas.es\/en\/#primaryimage"},"thumbnailUrl":"https:\/\/anacas.es\/wp-content\/uploads\/2023\/09\/28-1-4-1024x560.png","datePublished":"2023-09-20T10:56:03+00:00","dateModified":"2023-12-05T11:18:09+00:00","description":"Ana Cas, fot\u00f3grafa de bodas en Murcia. Ojal\u00e1 que disfrutes recorriendo este rinc\u00f3n que con tanto cari\u00f1o he creado.","breadcrumb":{"@id":"https:\/\/anacas.es\/en\/#breadcrumb"},"inLanguage":"en-US","potentialAction":[{"@type":"ReadAction","target":["https:\/\/anacas.es\/en\/"]}]},{"@type":"ImageObject","inLanguage":"en-US","@id":"https:\/\/anacas.es\/en\/#primaryimage","url":"https:\/\/anacas.es\/wp-content\/uploads\/2023\/09\/28-1-4-1024x560.png","contentUrl":"https:\/\/anacas.es\/wp-content\/uploads\/2023\/09\/28-1-4-1024x560.png"},{"@type":"BreadcrumbList","@id":"https:\/\/anacas.es\/en\/#breadcrumb","itemListElement":[{"@type":"ListItem","position":1,"name":"Portada","item":"https:\/\/anacas.es\/en\/"},{"@type":"ListItem","position":2,"name":"Home"}]},{"@type":"WebSite","@id":"https:\/\/anacas.es\/en\/#website","url":"https:\/\/anacas.es\/en\/","name":"Anacas","description":"","potentialAction":[{"@type":"SearchAction","target":{"@type":"EntryPoint","urlTemplate":"https:\/\/anacas.es\/en\/?s={search_term_string}"},"query-input":{"@type":"PropertyValueSpecification","valueRequired":true,"valueName":"search_term_string"}}],"inLanguage":"en-US"}]}},"_links":{"self":[{"href":"https:\/\/anacas.es\/en\/wp-json\/wp\/v2\/pages\/1358","targetHints":{"allow":["GET"]}}],"collection":[{"href":"https:\/\/anacas.es\/en\/wp-json\/wp\/v2\/pages"}],"about":[{"href":"https:\/\/anacas.es\/en\/wp-json\/wp\/v2\/types\/page"}],"author":[{"embeddable":true,"href":"https:\/\/anacas.es\/en\/wp-json\/wp\/v2\/users\/1"}],"replies":[{"embeddable":true,"href":"https:\/\/anacas.es\/en\/wp-json\/wp\/v2\/comments?post=1358"}],"version-history":[{"count":3,"href":"https:\/\/anacas.es\/en\/wp-json\/wp\/v2\/pages\/1358\/revisions"}],"predecessor-version":[{"id":1469,"href":"https:\/\/anacas.es\/en\/wp-json\/wp\/v2\/pages\/1358\/revisions\/1469"}],"wp:attachment":[{"href":"https:\/\/anacas.es\/en\/wp-json\/wp\/v2\/media?parent=1358"}],"curies":[{"name":"wp","href":"https:\/\/api.w.org\/{rel}","templated":true}]}}